{"id":404,"date":"2025-11-17T19:59:25","date_gmt":"2025-11-17T18:59:25","guid":{"rendered":"https:\/\/vskirchberg-wagram.ac.at\/wordpress\/?page_id=404"},"modified":"2026-04-21T17:07:51","modified_gmt":"2026-04-21T15:07:51","slug":"team","status":"publish","type":"page","link":"https:\/\/vskirchberg-wagram.ac.at\/index.php\/team\/","title":{"rendered":"Team"},"content":{"rendered":"\n<figure class=\"wp-block-gallery has-nested-images columns-default is-cropped wp-block-gallery-1 is-layout-flex wp-block-gallery-is-layout-flex\">\n<figure class=\"wp-block-image size-large\"><img fetchpriority=\"high\" decoding=\"async\" width=\"1024\" height=\"726\" data-id=\"489\" src=\"https:\/\/vskirchberg-wagram.ac.at\/wordpress\/wp-content\/uploads\/2026\/01\/131125-1056-1-1024x726.jpg\" alt=\"\" class=\"wp-image-489\" srcset=\"https:\/\/vskirchberg-wagram.ac.at\/wp-content\/uploads\/2026\/01\/131125-1056-1-1024x726.jpg 1024w, https:\/\/vskirchberg-wagram.ac.at\/wp-content\/uploads\/2026\/01\/131125-1056-1-300x213.jpg 300w, https:\/\/vskirchberg-wagram.ac.at\/wp-content\/uploads\/2026\/01\/131125-1056-1-768x544.jpg 768w, https:\/\/vskirchberg-wagram.ac.at\/wp-content\/uploads\/2026\/01\/131125-1056-1-1536x1089.jpg 1536w, https:\/\/vskirchberg-wagram.ac.at\/wp-content\/uploads\/2026\/01\/131125-1056-1-2048x1451.jpg 2048w\" sizes=\"(max-width: 1024px) 100vw, 1024px\" \/><\/figure>\n<\/figure>\n\n\n\n<figure class=\"wp-block-table\"><table><tbody><tr><td><img decoding=\"async\" width=\"150\" height=\"212\" class=\"wp-image-488\" style=\"width: 150px;\" src=\"https:\/\/vskirchberg-wagram.ac.at\/wordpress\/wp-content\/uploads\/2026\/01\/131125-0551-scaled-e1768060853715.jpg\" alt=\"\" srcset=\"https:\/\/vskirchberg-wagram.ac.at\/wp-content\/uploads\/2026\/01\/131125-0551-scaled-e1768060853715.jpg 1814w, https:\/\/vskirchberg-wagram.ac.at\/wp-content\/uploads\/2026\/01\/131125-0551-scaled-e1768060853715-213x300.jpg 213w, https:\/\/vskirchberg-wagram.ac.at\/wp-content\/uploads\/2026\/01\/131125-0551-scaled-e1768060853715-726x1024.jpg 726w, https:\/\/vskirchberg-wagram.ac.at\/wp-content\/uploads\/2026\/01\/131125-0551-scaled-e1768060853715-768x1084.jpg 768w, https:\/\/vskirchberg-wagram.ac.at\/wp-content\/uploads\/2026\/01\/131125-0551-scaled-e1768060853715-1088x1536.jpg 1088w, https:\/\/vskirchberg-wagram.ac.at\/wp-content\/uploads\/2026\/01\/131125-0551-scaled-e1768060853715-1451x2048.jpg 1451w\" sizes=\"(max-width: 150px) 100vw, 150px\" \/>  <\/td><td><strong>Dir. Dipl.-P\u00e4d. Alexandra Theres Brunner-Sauerzapf<\/strong><br><br>Schulleiterin<br>321161@noeschule.at <br><\/td><\/tr><tr><td><img decoding=\"async\" width=\"150\" height=\"212\" class=\"wp-image-508\" style=\"width: 150px;\" src=\"https:\/\/vskirchberg-wagram.ac.at\/wordpress\/wp-content\/uploads\/2026\/01\/131125-1446-scaled-e1768061809378.jpg\" alt=\"\" srcset=\"https:\/\/vskirchberg-wagram.ac.at\/wp-content\/uploads\/2026\/01\/131125-1446-scaled-e1768061809378.jpg 1814w, https:\/\/vskirchberg-wagram.ac.at\/wp-content\/uploads\/2026\/01\/131125-1446-scaled-e1768061809378-213x300.jpg 213w, https:\/\/vskirchberg-wagram.ac.at\/wp-content\/uploads\/2026\/01\/131125-1446-scaled-e1768061809378-726x1024.jpg 726w, https:\/\/vskirchberg-wagram.ac.at\/wp-content\/uploads\/2026\/01\/131125-1446-scaled-e1768061809378-768x1084.jpg 768w, https:\/\/vskirchberg-wagram.ac.at\/wp-content\/uploads\/2026\/01\/131125-1446-scaled-e1768061809378-1088x1536.jpg 1088w, https:\/\/vskirchberg-wagram.ac.at\/wp-content\/uploads\/2026\/01\/131125-1446-scaled-e1768061809378-1451x2048.jpg 1451w\" sizes=\"(max-width: 150px) 100vw, 150px\" \/><\/td><td><strong>Prof. Denise Aumann, MA, BEd<\/strong><br>&nbsp;<br>Klassenlehrerin der 2c<br>denise.aumann@bildung.gv.at <\/td><\/tr><tr><td><img loading=\"lazy\" decoding=\"async\" width=\"150\" height=\"212\" class=\"wp-image-497\" style=\"width: 150px;\" src=\"https:\/\/vskirchberg-wagram.ac.at\/wordpress\/wp-content\/uploads\/2026\/01\/131125-0680-scaled-e1768062414271.jpg\" alt=\"\" srcset=\"https:\/\/vskirchberg-wagram.ac.at\/wp-content\/uploads\/2026\/01\/131125-0680-scaled-e1768062414271.jpg 1814w, https:\/\/vskirchberg-wagram.ac.at\/wp-content\/uploads\/2026\/01\/131125-0680-scaled-e1768062414271-213x300.jpg 213w, https:\/\/vskirchberg-wagram.ac.at\/wp-content\/uploads\/2026\/01\/131125-0680-scaled-e1768062414271-726x1024.jpg 726w, https:\/\/vskirchberg-wagram.ac.at\/wp-content\/uploads\/2026\/01\/131125-0680-scaled-e1768062414271-768x1084.jpg 768w, https:\/\/vskirchberg-wagram.ac.at\/wp-content\/uploads\/2026\/01\/131125-0680-scaled-e1768062414271-1088x1536.jpg 1088w, https:\/\/vskirchberg-wagram.ac.at\/wp-content\/uploads\/2026\/01\/131125-0680-scaled-e1768062414271-1451x2048.jpg 1451w\" sizes=\"(max-width: 150px) 100vw, 150px\" \/><\/td><td><strong>Kerstin Berndl, BEd <\/strong><br>&nbsp;<br>Klassenlehrerin der Sonderp\u00e4dagogischen Kleingruppe S4<br>kerstin.berndl@bildung.gv.at<\/td><\/tr><tr><td><img loading=\"lazy\" decoding=\"async\" width=\"150\" height=\"212\" class=\"wp-image-503\" style=\"width: 150px;\" src=\"https:\/\/vskirchberg-wagram.ac.at\/wordpress\/wp-content\/uploads\/2026\/01\/131125-1014-scaled-e1768061828720.jpg\" alt=\"\" srcset=\"https:\/\/vskirchberg-wagram.ac.at\/wp-content\/uploads\/2026\/01\/131125-1014-scaled-e1768061828720.jpg 1814w, https:\/\/vskirchberg-wagram.ac.at\/wp-content\/uploads\/2026\/01\/131125-1014-scaled-e1768061828720-213x300.jpg 213w, https:\/\/vskirchberg-wagram.ac.at\/wp-content\/uploads\/2026\/01\/131125-1014-scaled-e1768061828720-726x1024.jpg 726w, https:\/\/vskirchberg-wagram.ac.at\/wp-content\/uploads\/2026\/01\/131125-1014-scaled-e1768061828720-768x1084.jpg 768w, https:\/\/vskirchberg-wagram.ac.at\/wp-content\/uploads\/2026\/01\/131125-1014-scaled-e1768061828720-1088x1536.jpg 1088w, https:\/\/vskirchberg-wagram.ac.at\/wp-content\/uploads\/2026\/01\/131125-1014-scaled-e1768061828720-1451x2048.jpg 1451w\" sizes=\"(max-width: 150px) 100vw, 150px\" \/><\/td><td><strong>SOL Sabine Delapina-Kainz<\/strong><br>&nbsp;<br>Klassenlehrerin der Sonderp\u00e4dagogischen Kleingruppe S2<br>sabine.delapina-kainz@bildung.gv.at <\/td><\/tr><tr><td><img loading=\"lazy\" decoding=\"async\" width=\"150\" height=\"212\" class=\"wp-image-492\" style=\"width: 150px;\" src=\"https:\/\/vskirchberg-wagram.ac.at\/wordpress\/wp-content\/uploads\/2026\/01\/131125-0497-scaled-e1768061851561.jpg\" alt=\"\" srcset=\"https:\/\/vskirchberg-wagram.ac.at\/wp-content\/uploads\/2026\/01\/131125-0497-scaled-e1768061851561.jpg 1814w, https:\/\/vskirchberg-wagram.ac.at\/wp-content\/uploads\/2026\/01\/131125-0497-scaled-e1768061851561-213x300.jpg 213w, https:\/\/vskirchberg-wagram.ac.at\/wp-content\/uploads\/2026\/01\/131125-0497-scaled-e1768061851561-726x1024.jpg 726w, https:\/\/vskirchberg-wagram.ac.at\/wp-content\/uploads\/2026\/01\/131125-0497-scaled-e1768061851561-768x1084.jpg 768w, https:\/\/vskirchberg-wagram.ac.at\/wp-content\/uploads\/2026\/01\/131125-0497-scaled-e1768061851561-1088x1536.jpg 1088w, https:\/\/vskirchberg-wagram.ac.at\/wp-content\/uploads\/2026\/01\/131125-0497-scaled-e1768061851561-1451x2048.jpg 1451w\" sizes=\"(max-width: 150px) 100vw, 150px\" \/><\/td><td><strong>Prof. Sanja Gartner, MA BEd<\/strong><br>Klassenlehrerin der 1b<br>sanjafranziska.gartner@bildung.gv.at <\/td><\/tr><tr><td><img loading=\"lazy\" decoding=\"async\" width=\"150\" height=\"212\" class=\"wp-image-509\" style=\"width: 150px;\" src=\"https:\/\/vskirchberg-wagram.ac.at\/wordpress\/wp-content\/uploads\/2026\/01\/131125-1578-scaled-e1768061870704.jpg\" alt=\"\" srcset=\"https:\/\/vskirchberg-wagram.ac.at\/wp-content\/uploads\/2026\/01\/131125-1578-scaled-e1768061870704.jpg 1814w, https:\/\/vskirchberg-wagram.ac.at\/wp-content\/uploads\/2026\/01\/131125-1578-scaled-e1768061870704-213x300.jpg 213w, https:\/\/vskirchberg-wagram.ac.at\/wp-content\/uploads\/2026\/01\/131125-1578-scaled-e1768061870704-726x1024.jpg 726w, https:\/\/vskirchberg-wagram.ac.at\/wp-content\/uploads\/2026\/01\/131125-1578-scaled-e1768061870704-768x1084.jpg 768w, https:\/\/vskirchberg-wagram.ac.at\/wp-content\/uploads\/2026\/01\/131125-1578-scaled-e1768061870704-1088x1536.jpg 1088w, https:\/\/vskirchberg-wagram.ac.at\/wp-content\/uploads\/2026\/01\/131125-1578-scaled-e1768061870704-1451x2048.jpg 1451w\" sizes=\"(max-width: 150px) 100vw, 150px\" \/><\/td><td><strong>Dipl.-P\u00e4d. Martha Garzon<\/strong><br>&nbsp;<br>Klassenlehrerin der 4b<br>martha.garzon@bildung.gv.at <\/td><\/tr><tr><td><img loading=\"lazy\" decoding=\"async\" width=\"150\" height=\"212\" class=\"wp-image-504\" style=\"width: 150px;\" src=\"https:\/\/vskirchberg-wagram.ac.at\/wordpress\/wp-content\/uploads\/2026\/01\/131125-1020-scaled-e1768061886199.jpg\" alt=\"\" srcset=\"https:\/\/vskirchberg-wagram.ac.at\/wp-content\/uploads\/2026\/01\/131125-1020-scaled-e1768061886199.jpg 1814w, https:\/\/vskirchberg-wagram.ac.at\/wp-content\/uploads\/2026\/01\/131125-1020-scaled-e1768061886199-213x300.jpg 213w, https:\/\/vskirchberg-wagram.ac.at\/wp-content\/uploads\/2026\/01\/131125-1020-scaled-e1768061886199-726x1024.jpg 726w, https:\/\/vskirchberg-wagram.ac.at\/wp-content\/uploads\/2026\/01\/131125-1020-scaled-e1768061886199-768x1084.jpg 768w, https:\/\/vskirchberg-wagram.ac.at\/wp-content\/uploads\/2026\/01\/131125-1020-scaled-e1768061886199-1088x1536.jpg 1088w, https:\/\/vskirchberg-wagram.ac.at\/wp-content\/uploads\/2026\/01\/131125-1020-scaled-e1768061886199-1451x2048.jpg 1451w\" sizes=\"(max-width: 150px) 100vw, 150px\" \/><\/td><td><strong>Prof. Cafiye Atsan, BEd<\/strong><br>cafiye.atsan@bildung.gv.at <\/td><\/tr><tr><td><img loading=\"lazy\" decoding=\"async\" width=\"150\" height=\"212\" class=\"wp-image-516\" style=\"width: 150px;\" src=\"https:\/\/vskirchberg-wagram.ac.at\/wordpress\/wp-content\/uploads\/2026\/01\/111124-1018-scaled-e1768062871276.jpg\" alt=\"\" srcset=\"https:\/\/vskirchberg-wagram.ac.at\/wp-content\/uploads\/2026\/01\/111124-1018-scaled-e1768062871276.jpg 1814w, https:\/\/vskirchberg-wagram.ac.at\/wp-content\/uploads\/2026\/01\/111124-1018-scaled-e1768062871276-213x300.jpg 213w, https:\/\/vskirchberg-wagram.ac.at\/wp-content\/uploads\/2026\/01\/111124-1018-scaled-e1768062871276-726x1024.jpg 726w, https:\/\/vskirchberg-wagram.ac.at\/wp-content\/uploads\/2026\/01\/111124-1018-scaled-e1768062871276-768x1084.jpg 768w, https:\/\/vskirchberg-wagram.ac.at\/wp-content\/uploads\/2026\/01\/111124-1018-scaled-e1768062871276-1088x1536.jpg 1088w, https:\/\/vskirchberg-wagram.ac.at\/wp-content\/uploads\/2026\/01\/111124-1018-scaled-e1768062871276-1451x2048.jpg 1451w\" sizes=\"(max-width: 150px) 100vw, 150px\" \/><\/td><td><strong>Dipl.P\u00e4d. Maria Greiner&nbsp;<\/strong><br>&nbsp;<br>Religionslehrerin r\u00f6m.-kath.<br>maria.greiner2@bildung.gv.at <\/td><\/tr><tr><td><img loading=\"lazy\" decoding=\"async\" width=\"150\" height=\"212\" class=\"wp-image-496\" style=\"width: 150px;\" src=\"https:\/\/vskirchberg-wagram.ac.at\/wordpress\/wp-content\/uploads\/2026\/01\/131125-0659-scaled-e1768062080412.jpg\" alt=\"\" srcset=\"https:\/\/vskirchberg-wagram.ac.at\/wp-content\/uploads\/2026\/01\/131125-0659-scaled-e1768062080412.jpg 1814w, https:\/\/vskirchberg-wagram.ac.at\/wp-content\/uploads\/2026\/01\/131125-0659-scaled-e1768062080412-213x300.jpg 213w, https:\/\/vskirchberg-wagram.ac.at\/wp-content\/uploads\/2026\/01\/131125-0659-scaled-e1768062080412-726x1024.jpg 726w, https:\/\/vskirchberg-wagram.ac.at\/wp-content\/uploads\/2026\/01\/131125-0659-scaled-e1768062080412-768x1084.jpg 768w, https:\/\/vskirchberg-wagram.ac.at\/wp-content\/uploads\/2026\/01\/131125-0659-scaled-e1768062080412-1088x1536.jpg 1088w, https:\/\/vskirchberg-wagram.ac.at\/wp-content\/uploads\/2026\/01\/131125-0659-scaled-e1768062080412-1451x2048.jpg 1451w\" sizes=\"(max-width: 150px) 100vw, 150px\" \/><\/td><td><strong>Oliver Hinkelmann<\/strong><br>oliver.hinkelmann@bildung.gv.at <\/td><\/tr><tr><td><img loading=\"lazy\" decoding=\"async\" width=\"150\" height=\"212\" class=\"wp-image-490\" style=\"width: 150px;\" src=\"https:\/\/vskirchberg-wagram.ac.at\/wordpress\/wp-content\/uploads\/2026\/01\/131125-0326-scaled-e1768062096105.jpg\" alt=\"\" srcset=\"https:\/\/vskirchberg-wagram.ac.at\/wp-content\/uploads\/2026\/01\/131125-0326-scaled-e1768062096105.jpg 1814w, https:\/\/vskirchberg-wagram.ac.at\/wp-content\/uploads\/2026\/01\/131125-0326-scaled-e1768062096105-213x300.jpg 213w, https:\/\/vskirchberg-wagram.ac.at\/wp-content\/uploads\/2026\/01\/131125-0326-scaled-e1768062096105-726x1024.jpg 726w, https:\/\/vskirchberg-wagram.ac.at\/wp-content\/uploads\/2026\/01\/131125-0326-scaled-e1768062096105-768x1084.jpg 768w, https:\/\/vskirchberg-wagram.ac.at\/wp-content\/uploads\/2026\/01\/131125-0326-scaled-e1768062096105-1088x1536.jpg 1088w, https:\/\/vskirchberg-wagram.ac.at\/wp-content\/uploads\/2026\/01\/131125-0326-scaled-e1768062096105-1451x2048.jpg 1451w\" sizes=\"(max-width: 150px) 100vw, 150px\" \/><\/td><td><strong>Dipl.-P\u00e4d. Ingeborg Hofmann<\/strong><br>&nbsp;<br>Klassenlehrerin der 1a<br>ingeborg.hofmann@bildung.gv.at<\/td><\/tr><tr><td><img loading=\"lazy\" decoding=\"async\" width=\"150\" height=\"212\" class=\"wp-image-499\" style=\"width: 150px;\" src=\"https:\/\/vskirchberg-wagram.ac.at\/wordpress\/wp-content\/uploads\/2026\/01\/131125-0851-scaled-e1768062112459.jpg\" alt=\"\" srcset=\"https:\/\/vskirchberg-wagram.ac.at\/wp-content\/uploads\/2026\/01\/131125-0851-scaled-e1768062112459.jpg 1814w, https:\/\/vskirchberg-wagram.ac.at\/wp-content\/uploads\/2026\/01\/131125-0851-scaled-e1768062112459-213x300.jpg 213w, https:\/\/vskirchberg-wagram.ac.at\/wp-content\/uploads\/2026\/01\/131125-0851-scaled-e1768062112459-726x1024.jpg 726w, https:\/\/vskirchberg-wagram.ac.at\/wp-content\/uploads\/2026\/01\/131125-0851-scaled-e1768062112459-768x1084.jpg 768w, https:\/\/vskirchberg-wagram.ac.at\/wp-content\/uploads\/2026\/01\/131125-0851-scaled-e1768062112459-1088x1536.jpg 1088w, https:\/\/vskirchberg-wagram.ac.at\/wp-content\/uploads\/2026\/01\/131125-0851-scaled-e1768062112459-1451x2048.jpg 1451w\" sizes=\"(max-width: 150px) 100vw, 150px\" \/><\/td><td><strong>Dipl.-P\u00e4d. Ulrike King<\/strong><br>&nbsp;<br>Klassenlehrerin der 1c<br>ulrike.king@bildung.gv.at <\/td><\/tr><tr><td><img loading=\"lazy\" decoding=\"async\" width=\"150\" height=\"212\" class=\"wp-image-517\" style=\"width: 150px;\" src=\"https:\/\/vskirchberg-wagram.ac.at\/wordpress\/wp-content\/uploads\/2026\/01\/111124-1049-scaled-e1768062921433.jpg\" alt=\"\" srcset=\"https:\/\/vskirchberg-wagram.ac.at\/wp-content\/uploads\/2026\/01\/111124-1049-scaled-e1768062921433.jpg 1814w, https:\/\/vskirchberg-wagram.ac.at\/wp-content\/uploads\/2026\/01\/111124-1049-scaled-e1768062921433-213x300.jpg 213w, https:\/\/vskirchberg-wagram.ac.at\/wp-content\/uploads\/2026\/01\/111124-1049-scaled-e1768062921433-726x1024.jpg 726w, https:\/\/vskirchberg-wagram.ac.at\/wp-content\/uploads\/2026\/01\/111124-1049-scaled-e1768062921433-768x1084.jpg 768w, https:\/\/vskirchberg-wagram.ac.at\/wp-content\/uploads\/2026\/01\/111124-1049-scaled-e1768062921433-1088x1536.jpg 1088w, https:\/\/vskirchberg-wagram.ac.at\/wp-content\/uploads\/2026\/01\/111124-1049-scaled-e1768062921433-1451x2048.jpg 1451w\" sizes=\"(max-width: 150px) 100vw, 150px\" \/><\/td><td><strong>Dipl.-P\u00e4d. Monika Kosch, BEd<\/strong><br>&nbsp;<br>Religionslehrerin r\u00f6m.-kath.<br>monikaelisabeth.kosch@bildung.gv.at <\/td><\/tr><tr><td><img loading=\"lazy\" decoding=\"async\" width=\"150\" height=\"212\" class=\"wp-image-520\" style=\"width: 150px;\" src=\"https:\/\/vskirchberg-wagram.ac.at\/wordpress\/wp-content\/uploads\/2026\/01\/111124-1076-scaled-e1768062937681.jpg\" alt=\"\" srcset=\"https:\/\/vskirchberg-wagram.ac.at\/wp-content\/uploads\/2026\/01\/111124-1076-scaled-e1768062937681.jpg 1814w, https:\/\/vskirchberg-wagram.ac.at\/wp-content\/uploads\/2026\/01\/111124-1076-scaled-e1768062937681-213x300.jpg 213w, https:\/\/vskirchberg-wagram.ac.at\/wp-content\/uploads\/2026\/01\/111124-1076-scaled-e1768062937681-726x1024.jpg 726w, https:\/\/vskirchberg-wagram.ac.at\/wp-content\/uploads\/2026\/01\/111124-1076-scaled-e1768062937681-768x1084.jpg 768w, https:\/\/vskirchberg-wagram.ac.at\/wp-content\/uploads\/2026\/01\/111124-1076-scaled-e1768062937681-1088x1536.jpg 1088w, https:\/\/vskirchberg-wagram.ac.at\/wp-content\/uploads\/2026\/01\/111124-1076-scaled-e1768062937681-1451x2048.jpg 1451w\" sizes=\"(max-width: 150px) 100vw, 150px\" \/><\/td><td><strong>Prof. Daniela Kotzina, BEd<\/strong><br>&nbsp;<br>derzeit in Karenz&nbsp;<br><\/td><\/tr><tr><td><img loading=\"lazy\" decoding=\"async\" width=\"150\" height=\"212\" class=\"wp-image-495\" style=\"width: 150px;\" src=\"https:\/\/vskirchberg-wagram.ac.at\/wordpress\/wp-content\/uploads\/2026\/01\/131125-0627-scaled-e1768062149925.jpg\" alt=\"\" srcset=\"https:\/\/vskirchberg-wagram.ac.at\/wp-content\/uploads\/2026\/01\/131125-0627-scaled-e1768062149925.jpg 1814w, https:\/\/vskirchberg-wagram.ac.at\/wp-content\/uploads\/2026\/01\/131125-0627-scaled-e1768062149925-213x300.jpg 213w, https:\/\/vskirchberg-wagram.ac.at\/wp-content\/uploads\/2026\/01\/131125-0627-scaled-e1768062149925-726x1024.jpg 726w, https:\/\/vskirchberg-wagram.ac.at\/wp-content\/uploads\/2026\/01\/131125-0627-scaled-e1768062149925-768x1084.jpg 768w, https:\/\/vskirchberg-wagram.ac.at\/wp-content\/uploads\/2026\/01\/131125-0627-scaled-e1768062149925-1088x1536.jpg 1088w, https:\/\/vskirchberg-wagram.ac.at\/wp-content\/uploads\/2026\/01\/131125-0627-scaled-e1768062149925-1451x2048.jpg 1451w\" sizes=\"(max-width: 150px) 100vw, 150px\" \/><\/td><td><strong>Dipl.-P\u00e4d. Christina Lang<\/strong><br>&nbsp;<br>Klassenlehrerin der Sonderp\u00e4dagogischen Kleingruppe S1<br>christina.lang2@bildung.gv.at <\/td><\/tr><tr><td><img loading=\"lazy\" decoding=\"async\" width=\"150\" height=\"212\" class=\"wp-image-491\" style=\"width: 150px;\" src=\"https:\/\/vskirchberg-wagram.ac.at\/wordpress\/wp-content\/uploads\/2026\/01\/131125-0489-scaled-e1768062167132.jpg\" alt=\"\" srcset=\"https:\/\/vskirchberg-wagram.ac.at\/wp-content\/uploads\/2026\/01\/131125-0489-scaled-e1768062167132.jpg 1814w, https:\/\/vskirchberg-wagram.ac.at\/wp-content\/uploads\/2026\/01\/131125-0489-scaled-e1768062167132-213x300.jpg 213w, https:\/\/vskirchberg-wagram.ac.at\/wp-content\/uploads\/2026\/01\/131125-0489-scaled-e1768062167132-726x1024.jpg 726w, https:\/\/vskirchberg-wagram.ac.at\/wp-content\/uploads\/2026\/01\/131125-0489-scaled-e1768062167132-768x1084.jpg 768w, https:\/\/vskirchberg-wagram.ac.at\/wp-content\/uploads\/2026\/01\/131125-0489-scaled-e1768062167132-1088x1536.jpg 1088w, https:\/\/vskirchberg-wagram.ac.at\/wp-content\/uploads\/2026\/01\/131125-0489-scaled-e1768062167132-1451x2048.jpg 1451w\" sizes=\"(max-width: 150px) 100vw, 150px\" \/><\/td><td><strong>Dipl.-P\u00e4d. Alexandra Lukaseder<\/strong><br>&nbsp;<br>Klassenlehrerin der 2b<br>alexandra.lukaseder@bildung.gv.at <\/td><\/tr><tr><td><img loading=\"lazy\" decoding=\"async\" width=\"150\" height=\"212\" class=\"wp-image-506\" style=\"width: 150px;\" src=\"https:\/\/vskirchberg-wagram.ac.at\/wordpress\/wp-content\/uploads\/2026\/01\/131125-1085-scaled-e1768062196235.jpg\" alt=\"\" srcset=\"https:\/\/vskirchberg-wagram.ac.at\/wp-content\/uploads\/2026\/01\/131125-1085-scaled-e1768062196235.jpg 1814w, https:\/\/vskirchberg-wagram.ac.at\/wp-content\/uploads\/2026\/01\/131125-1085-scaled-e1768062196235-213x300.jpg 213w, https:\/\/vskirchberg-wagram.ac.at\/wp-content\/uploads\/2026\/01\/131125-1085-scaled-e1768062196235-726x1024.jpg 726w, https:\/\/vskirchberg-wagram.ac.at\/wp-content\/uploads\/2026\/01\/131125-1085-scaled-e1768062196235-768x1084.jpg 768w, https:\/\/vskirchberg-wagram.ac.at\/wp-content\/uploads\/2026\/01\/131125-1085-scaled-e1768062196235-1088x1536.jpg 1088w, https:\/\/vskirchberg-wagram.ac.at\/wp-content\/uploads\/2026\/01\/131125-1085-scaled-e1768062196235-1451x2048.jpg 1451w\" sizes=\"(max-width: 150px) 100vw, 150px\" \/><\/td><td><strong>Prof. Teresa Riss, BEd<\/strong><br>&nbsp;<br>Klassenlehrerin der 3b<br>teresa.riss@bildung.gv.at<\/td><\/tr><tr><td><img loading=\"lazy\" decoding=\"async\" width=\"150\" height=\"212\" class=\"wp-image-493\" style=\"width: 150px;\" src=\"https:\/\/vskirchberg-wagram.ac.at\/wordpress\/wp-content\/uploads\/2026\/01\/131125-0546-scaled-e1768062211794.jpg\" alt=\"\" srcset=\"https:\/\/vskirchberg-wagram.ac.at\/wp-content\/uploads\/2026\/01\/131125-0546-scaled-e1768062211794.jpg 1814w, https:\/\/vskirchberg-wagram.ac.at\/wp-content\/uploads\/2026\/01\/131125-0546-scaled-e1768062211794-213x300.jpg 213w, https:\/\/vskirchberg-wagram.ac.at\/wp-content\/uploads\/2026\/01\/131125-0546-scaled-e1768062211794-726x1024.jpg 726w, https:\/\/vskirchberg-wagram.ac.at\/wp-content\/uploads\/2026\/01\/131125-0546-scaled-e1768062211794-768x1084.jpg 768w, https:\/\/vskirchberg-wagram.ac.at\/wp-content\/uploads\/2026\/01\/131125-0546-scaled-e1768062211794-1088x1536.jpg 1088w, https:\/\/vskirchberg-wagram.ac.at\/wp-content\/uploads\/2026\/01\/131125-0546-scaled-e1768062211794-1451x2048.jpg 1451w\" sizes=\"(max-width: 150px) 100vw, 150px\" \/><\/td><td><strong>Dipl.P\u00e4d. Brigitte R\u00f6\u00dfler<\/strong><br>Klassenlehrerin der Sonderp\u00e4dagogischen Kleingruppe S3<br>brigitte.roessler@bildung.gv.at<\/td><\/tr><tr><td><img loading=\"lazy\" decoding=\"async\" width=\"150\" height=\"212\" class=\"wp-image-500\" style=\"width: 150px;\" src=\"https:\/\/vskirchberg-wagram.ac.at\/wordpress\/wp-content\/uploads\/2026\/01\/131125-0983-scaled-e1768062229385.jpg\" alt=\"\" srcset=\"https:\/\/vskirchberg-wagram.ac.at\/wp-content\/uploads\/2026\/01\/131125-0983-scaled-e1768062229385.jpg 1814w, https:\/\/vskirchberg-wagram.ac.at\/wp-content\/uploads\/2026\/01\/131125-0983-scaled-e1768062229385-213x300.jpg 213w, https:\/\/vskirchberg-wagram.ac.at\/wp-content\/uploads\/2026\/01\/131125-0983-scaled-e1768062229385-726x1024.jpg 726w, https:\/\/vskirchberg-wagram.ac.at\/wp-content\/uploads\/2026\/01\/131125-0983-scaled-e1768062229385-768x1084.jpg 768w, https:\/\/vskirchberg-wagram.ac.at\/wp-content\/uploads\/2026\/01\/131125-0983-scaled-e1768062229385-1088x1536.jpg 1088w, https:\/\/vskirchberg-wagram.ac.at\/wp-content\/uploads\/2026\/01\/131125-0983-scaled-e1768062229385-1451x2048.jpg 1451w\" sizes=\"(max-width: 150px) 100vw, 150px\" \/><\/td><td><strong>Dipl.-P\u00e4d. Ulrike Schiedlbauer<\/strong><br>&nbsp;<br>Klassenlehrerin der 2a<br>ulrike.schiedlbauer@bildung.gv.at <\/td><\/tr><tr><td><img loading=\"lazy\" decoding=\"async\" width=\"150\" height=\"212\" class=\"wp-image-518\" style=\"width: 150px;\" src=\"https:\/\/vskirchberg-wagram.ac.at\/wordpress\/wp-content\/uploads\/2026\/01\/111124-1062-scaled-e1768062954170.jpg\" alt=\"\" srcset=\"https:\/\/vskirchberg-wagram.ac.at\/wp-content\/uploads\/2026\/01\/111124-1062-scaled-e1768062954170.jpg 1814w, https:\/\/vskirchberg-wagram.ac.at\/wp-content\/uploads\/2026\/01\/111124-1062-scaled-e1768062954170-213x300.jpg 213w, https:\/\/vskirchberg-wagram.ac.at\/wp-content\/uploads\/2026\/01\/111124-1062-scaled-e1768062954170-726x1024.jpg 726w, https:\/\/vskirchberg-wagram.ac.at\/wp-content\/uploads\/2026\/01\/111124-1062-scaled-e1768062954170-768x1084.jpg 768w, https:\/\/vskirchberg-wagram.ac.at\/wp-content\/uploads\/2026\/01\/111124-1062-scaled-e1768062954170-1088x1536.jpg 1088w, https:\/\/vskirchberg-wagram.ac.at\/wp-content\/uploads\/2026\/01\/111124-1062-scaled-e1768062954170-1451x2048.jpg 1451w\" sizes=\"(max-width: 150px) 100vw, 150px\" \/><\/td><td><strong>Dipl.-P\u00e4d. Gerda Schmid<\/strong><br>gerda.schmid@bildung.gv.at <\/td><\/tr><tr><td><img loading=\"lazy\" decoding=\"async\" width=\"150\" height=\"214\" class=\"wp-image-600\" style=\"width: 150px;\" src=\"https:\/\/vskirchberg-wagram.ac.at\/wordpress\/wp-content\/uploads\/2026\/01\/Profilfoto-fuer-die-Schule2.png\" alt=\"\" srcset=\"https:\/\/vskirchberg-wagram.ac.at\/wp-content\/uploads\/2026\/01\/Profilfoto-fuer-die-Schule2.png 704w, https:\/\/vskirchberg-wagram.ac.at\/wp-content\/uploads\/2026\/01\/Profilfoto-fuer-die-Schule2-210x300.png 210w\" sizes=\"(max-width: 150px) 100vw, 150px\" \/><\/td><td><strong>Izabella Tolmacsi , MA<\/strong><br>izabella.tolmacsi@bildung.gv.at<\/td><\/tr><tr><td><img loading=\"lazy\" decoding=\"async\" width=\"150\" height=\"212\" class=\"wp-image-510\" style=\"width: 150px;\" src=\"https:\/\/vskirchberg-wagram.ac.at\/wordpress\/wp-content\/uploads\/2026\/01\/131125-1818-scaled-e1768062260205.jpg\" alt=\"\" srcset=\"https:\/\/vskirchberg-wagram.ac.at\/wp-content\/uploads\/2026\/01\/131125-1818-scaled-e1768062260205.jpg 1814w, https:\/\/vskirchberg-wagram.ac.at\/wp-content\/uploads\/2026\/01\/131125-1818-scaled-e1768062260205-213x300.jpg 213w, https:\/\/vskirchberg-wagram.ac.at\/wp-content\/uploads\/2026\/01\/131125-1818-scaled-e1768062260205-726x1024.jpg 726w, https:\/\/vskirchberg-wagram.ac.at\/wp-content\/uploads\/2026\/01\/131125-1818-scaled-e1768062260205-768x1084.jpg 768w, https:\/\/vskirchberg-wagram.ac.at\/wp-content\/uploads\/2026\/01\/131125-1818-scaled-e1768062260205-1088x1536.jpg 1088w, https:\/\/vskirchberg-wagram.ac.at\/wp-content\/uploads\/2026\/01\/131125-1818-scaled-e1768062260205-1451x2048.jpg 1451w\" sizes=\"(max-width: 150px) 100vw, 150px\" \/><\/td><td><strong>Prof. Carina Waldhauser, BEd<\/strong><br>&nbsp;<br>Klassenlehrerin der 4c<br>2.Leiterstellvertreterin <br>carina.waldhauser@bildung.gv.at<\/td><\/tr><tr><td><img loading=\"lazy\" decoding=\"async\" width=\"150\" height=\"212\" class=\"wp-image-511\" style=\"width: 150px;\" src=\"https:\/\/vskirchberg-wagram.ac.at\/wordpress\/wp-content\/uploads\/2026\/01\/131125-1954-scaled-e1768062275390.jpg\" alt=\"\" srcset=\"https:\/\/vskirchberg-wagram.ac.at\/wp-content\/uploads\/2026\/01\/131125-1954-scaled-e1768062275390.jpg 1814w, https:\/\/vskirchberg-wagram.ac.at\/wp-content\/uploads\/2026\/01\/131125-1954-scaled-e1768062275390-213x300.jpg 213w, https:\/\/vskirchberg-wagram.ac.at\/wp-content\/uploads\/2026\/01\/131125-1954-scaled-e1768062275390-726x1024.jpg 726w, https:\/\/vskirchberg-wagram.ac.at\/wp-content\/uploads\/2026\/01\/131125-1954-scaled-e1768062275390-768x1084.jpg 768w, https:\/\/vskirchberg-wagram.ac.at\/wp-content\/uploads\/2026\/01\/131125-1954-scaled-e1768062275390-1088x1536.jpg 1088w, https:\/\/vskirchberg-wagram.ac.at\/wp-content\/uploads\/2026\/01\/131125-1954-scaled-e1768062275390-1451x2048.jpg 1451w\" sizes=\"(max-width: 150px) 100vw, 150px\" \/><\/td><td><strong>Dipl.-P\u00e4d. Helga Walzer, BEd<\/strong><br>&nbsp;<br>Klassenlehrerin der 4a<br>1.Leiterstellvertreterin<br>helga.walzer@bildung.gv.at<\/td><\/tr><tr><td><img loading=\"lazy\" decoding=\"async\" width=\"150\" height=\"212\" class=\"wp-image-502\" style=\"width: 150px;\" src=\"https:\/\/vskirchberg-wagram.ac.at\/wordpress\/wp-content\/uploads\/2026\/01\/131125-0994-scaled-e1768062288572.jpg\" alt=\"\" srcset=\"https:\/\/vskirchberg-wagram.ac.at\/wp-content\/uploads\/2026\/01\/131125-0994-scaled-e1768062288572.jpg 1814w, https:\/\/vskirchberg-wagram.ac.at\/wp-content\/uploads\/2026\/01\/131125-0994-scaled-e1768062288572-213x300.jpg 213w, https:\/\/vskirchberg-wagram.ac.at\/wp-content\/uploads\/2026\/01\/131125-0994-scaled-e1768062288572-726x1024.jpg 726w, https:\/\/vskirchberg-wagram.ac.at\/wp-content\/uploads\/2026\/01\/131125-0994-scaled-e1768062288572-768x1084.jpg 768w, https:\/\/vskirchberg-wagram.ac.at\/wp-content\/uploads\/2026\/01\/131125-0994-scaled-e1768062288572-1088x1536.jpg 1088w, https:\/\/vskirchberg-wagram.ac.at\/wp-content\/uploads\/2026\/01\/131125-0994-scaled-e1768062288572-1451x2048.jpg 1451w\" sizes=\"(max-width: 150px) 100vw, 150px\" \/><\/td><td><strong>Prof. Stefanie Weese, BEd<\/strong><br>stefanie.weese@bildung.gv.at <\/td><\/tr><tr><td><img loading=\"lazy\" decoding=\"async\" width=\"150\" height=\"212\" class=\"wp-image-501\" style=\"width: 150px;\" src=\"https:\/\/vskirchberg-wagram.ac.at\/wordpress\/wp-content\/uploads\/2026\/01\/131125-0992-scaled.jpg\" alt=\"\" srcset=\"https:\/\/vskirchberg-wagram.ac.at\/wp-content\/uploads\/2026\/01\/131125-0992-scaled.jpg 1814w, https:\/\/vskirchberg-wagram.ac.at\/wp-content\/uploads\/2026\/01\/131125-0992-213x300.jpg 213w, https:\/\/vskirchberg-wagram.ac.at\/wp-content\/uploads\/2026\/01\/131125-0992-726x1024.jpg 726w, https:\/\/vskirchberg-wagram.ac.at\/wp-content\/uploads\/2026\/01\/131125-0992-768x1084.jpg 768w, https:\/\/vskirchberg-wagram.ac.at\/wp-content\/uploads\/2026\/01\/131125-0992-1089x1536.jpg 1089w, https:\/\/vskirchberg-wagram.ac.at\/wp-content\/uploads\/2026\/01\/131125-0992-1451x2048.jpg 1451w\" sizes=\"(max-width: 150px) 100vw, 150px\" \/><\/td><td><strong>Dipl.-P\u00e4d. Katharina Zechmann<\/strong><br>&nbsp;<br>Klassenlehrerin der 3a<br>katharina.zechmann@bildung.gv.at <\/td><\/tr><tr><td><img loading=\"lazy\" decoding=\"async\" width=\"150\" height=\"212\" class=\"wp-image-519\" style=\"width: 150px;\" src=\"https:\/\/vskirchberg-wagram.ac.at\/wordpress\/wp-content\/uploads\/2026\/01\/111124-1071-scaled-e1768062970600.jpg\" alt=\"\" srcset=\"https:\/\/vskirchberg-wagram.ac.at\/wp-content\/uploads\/2026\/01\/111124-1071-scaled-e1768062970600.jpg 1814w, https:\/\/vskirchberg-wagram.ac.at\/wp-content\/uploads\/2026\/01\/111124-1071-scaled-e1768062970600-213x300.jpg 213w, https:\/\/vskirchberg-wagram.ac.at\/wp-content\/uploads\/2026\/01\/111124-1071-scaled-e1768062970600-726x1024.jpg 726w, https:\/\/vskirchberg-wagram.ac.at\/wp-content\/uploads\/2026\/01\/111124-1071-scaled-e1768062970600-768x1084.jpg 768w, https:\/\/vskirchberg-wagram.ac.at\/wp-content\/uploads\/2026\/01\/111124-1071-scaled-e1768062970600-1088x1536.jpg 1088w, https:\/\/vskirchberg-wagram.ac.at\/wp-content\/uploads\/2026\/01\/111124-1071-scaled-e1768062970600-1451x2048.jpg 1451w\" sizes=\"(max-width: 150px) 100vw, 150px\" \/><\/td><td><strong>Martina Bauer<\/strong><br>&nbsp;<br>Direktionsassistentin, Buchhaltung Schulgemeinden<\/td><\/tr><tr><td><img loading=\"lazy\" decoding=\"async\" width=\"150\" height=\"212\" class=\"wp-image-507\" style=\"width: 150px;\" src=\"https:\/\/vskirchberg-wagram.ac.at\/wordpress\/wp-content\/uploads\/2026\/01\/131125-1320-scaled-e1768062325512.jpg\" alt=\"\" srcset=\"https:\/\/vskirchberg-wagram.ac.at\/wp-content\/uploads\/2026\/01\/131125-1320-scaled-e1768062325512.jpg 1814w, https:\/\/vskirchberg-wagram.ac.at\/wp-content\/uploads\/2026\/01\/131125-1320-scaled-e1768062325512-213x300.jpg 213w, https:\/\/vskirchberg-wagram.ac.at\/wp-content\/uploads\/2026\/01\/131125-1320-scaled-e1768062325512-726x1024.jpg 726w, https:\/\/vskirchberg-wagram.ac.at\/wp-content\/uploads\/2026\/01\/131125-1320-scaled-e1768062325512-768x1084.jpg 768w, https:\/\/vskirchberg-wagram.ac.at\/wp-content\/uploads\/2026\/01\/131125-1320-scaled-e1768062325512-1088x1536.jpg 1088w, https:\/\/vskirchberg-wagram.ac.at\/wp-content\/uploads\/2026\/01\/131125-1320-scaled-e1768062325512-1451x2048.jpg 1451w\" sizes=\"(max-width: 150px) 100vw, 150px\" \/><\/td><td><strong>Sabine Hinterndorfer<\/strong><br>Direktionsassistentin<\/td><\/tr><tr><td><img loading=\"lazy\" decoding=\"async\" width=\"150\" height=\"212\" class=\"wp-image-512\" style=\"width: 150px;\" src=\"https:\/\/vskirchberg-wagram.ac.at\/wordpress\/wp-content\/uploads\/2026\/01\/Anita-scaled.jpg\" alt=\"\" srcset=\"https:\/\/vskirchberg-wagram.ac.at\/wp-content\/uploads\/2026\/01\/Anita-scaled.jpg 1814w, https:\/\/vskirchberg-wagram.ac.at\/wp-content\/uploads\/2026\/01\/Anita-213x300.jpg 213w, https:\/\/vskirchberg-wagram.ac.at\/wp-content\/uploads\/2026\/01\/Anita-726x1024.jpg 726w, https:\/\/vskirchberg-wagram.ac.at\/wp-content\/uploads\/2026\/01\/Anita-768x1084.jpg 768w, https:\/\/vskirchberg-wagram.ac.at\/wp-content\/uploads\/2026\/01\/Anita-1089x1536.jpg 1089w, https:\/\/vskirchberg-wagram.ac.at\/wp-content\/uploads\/2026\/01\/Anita-1451x2048.jpg 1451w\" sizes=\"(max-width: 150px) 100vw, 150px\" \/><\/td><td><strong>Fr. Anita Wohak<\/strong><br>St\u00fctzkraft S &#8211; Klassen&nbsp;<\/td><\/tr><tr><td><img loading=\"lazy\" decoding=\"async\" width=\"150\" height=\"212\" class=\"wp-image-505\" style=\"width: 150px;\" src=\"https:\/\/vskirchberg-wagram.ac.at\/wordpress\/wp-content\/uploads\/2026\/01\/131125-1051-scaled-e1768062360618.jpg\" alt=\"\" srcset=\"https:\/\/vskirchberg-wagram.ac.at\/wp-content\/uploads\/2026\/01\/131125-1051-scaled-e1768062360618.jpg 1814w, https:\/\/vskirchberg-wagram.ac.at\/wp-content\/uploads\/2026\/01\/131125-1051-scaled-e1768062360618-213x300.jpg 213w, https:\/\/vskirchberg-wagram.ac.at\/wp-content\/uploads\/2026\/01\/131125-1051-scaled-e1768062360618-726x1024.jpg 726w, https:\/\/vskirchberg-wagram.ac.at\/wp-content\/uploads\/2026\/01\/131125-1051-scaled-e1768062360618-768x1084.jpg 768w, https:\/\/vskirchberg-wagram.ac.at\/wp-content\/uploads\/2026\/01\/131125-1051-scaled-e1768062360618-1088x1536.jpg 1088w, https:\/\/vskirchberg-wagram.ac.at\/wp-content\/uploads\/2026\/01\/131125-1051-scaled-e1768062360618-1451x2048.jpg 1451w\" sizes=\"(max-width: 150px) 100vw, 150px\" \/><\/td><td><strong>Fr.Claudia Schenk<\/strong><br>St\u00fctzkraft S &#8211; Klassen<\/td><\/tr><tr><td><img loading=\"lazy\" decoding=\"async\" width=\"150\" height=\"212\" class=\"wp-image-521\" style=\"width: 150px;\" src=\"https:\/\/vskirchberg-wagram.ac.at\/wordpress\/wp-content\/uploads\/2026\/01\/111124-1864-scaled-e1768062984739.jpg\" alt=\"\" srcset=\"https:\/\/vskirchberg-wagram.ac.at\/wp-content\/uploads\/2026\/01\/111124-1864-scaled-e1768062984739.jpg 1814w, https:\/\/vskirchberg-wagram.ac.at\/wp-content\/uploads\/2026\/01\/111124-1864-scaled-e1768062984739-213x300.jpg 213w, https:\/\/vskirchberg-wagram.ac.at\/wp-content\/uploads\/2026\/01\/111124-1864-scaled-e1768062984739-726x1024.jpg 726w, https:\/\/vskirchberg-wagram.ac.at\/wp-content\/uploads\/2026\/01\/111124-1864-scaled-e1768062984739-768x1084.jpg 768w, https:\/\/vskirchberg-wagram.ac.at\/wp-content\/uploads\/2026\/01\/111124-1864-scaled-e1768062984739-1088x1536.jpg 1088w, https:\/\/vskirchberg-wagram.ac.at\/wp-content\/uploads\/2026\/01\/111124-1864-scaled-e1768062984739-1451x2048.jpg 1451w\" sizes=\"(max-width: 150px) 100vw, 150px\" \/><\/td><td><strong>Fr. Carina Bauer<\/strong><br>St\u00fctzkraft S &#8211; Klassen<\/td><\/tr><tr><td><img loading=\"lazy\" decoding=\"async\" width=\"150\" height=\"212\" class=\"wp-image-515\" style=\"width: 150px;\" src=\"https:\/\/vskirchberg-wagram.ac.at\/wordpress\/wp-content\/uploads\/2026\/01\/111124-0229-scaled-e1768062999643.jpg\" alt=\"\" srcset=\"https:\/\/vskirchberg-wagram.ac.at\/wp-content\/uploads\/2026\/01\/111124-0229-scaled-e1768062999643.jpg 1814w, https:\/\/vskirchberg-wagram.ac.at\/wp-content\/uploads\/2026\/01\/111124-0229-scaled-e1768062999643-213x300.jpg 213w, https:\/\/vskirchberg-wagram.ac.at\/wp-content\/uploads\/2026\/01\/111124-0229-scaled-e1768062999643-726x1024.jpg 726w, https:\/\/vskirchberg-wagram.ac.at\/wp-content\/uploads\/2026\/01\/111124-0229-scaled-e1768062999643-768x1084.jpg 768w, https:\/\/vskirchberg-wagram.ac.at\/wp-content\/uploads\/2026\/01\/111124-0229-scaled-e1768062999643-1088x1536.jpg 1088w, https:\/\/vskirchberg-wagram.ac.at\/wp-content\/uploads\/2026\/01\/111124-0229-scaled-e1768062999643-1451x2048.jpg 1451w\" sizes=\"(max-width: 150px) 100vw, 150px\" \/><\/td><td><strong>Fr.Sabire Bayrakdar<\/strong><br>&nbsp;<br>St\u00fctzkraft S &#8211; Klassen<\/td><\/tr><tr><td><img loading=\"lazy\" decoding=\"async\" width=\"150\" height=\"212\" class=\"wp-image-494\" style=\"width: 150px;\" src=\"https:\/\/vskirchberg-wagram.ac.at\/wordpress\/wp-content\/uploads\/2026\/01\/131125-0618-scaled-e1768062383562.jpg\" alt=\"\" srcset=\"https:\/\/vskirchberg-wagram.ac.at\/wp-content\/uploads\/2026\/01\/131125-0618-scaled-e1768062383562.jpg 1814w, https:\/\/vskirchberg-wagram.ac.at\/wp-content\/uploads\/2026\/01\/131125-0618-scaled-e1768062383562-213x300.jpg 213w, https:\/\/vskirchberg-wagram.ac.at\/wp-content\/uploads\/2026\/01\/131125-0618-scaled-e1768062383562-726x1024.jpg 726w, https:\/\/vskirchberg-wagram.ac.at\/wp-content\/uploads\/2026\/01\/131125-0618-scaled-e1768062383562-768x1084.jpg 768w, https:\/\/vskirchberg-wagram.ac.at\/wp-content\/uploads\/2026\/01\/131125-0618-scaled-e1768062383562-1088x1536.jpg 1088w, https:\/\/vskirchberg-wagram.ac.at\/wp-content\/uploads\/2026\/01\/131125-0618-scaled-e1768062383562-1451x2048.jpg 1451w\" sizes=\"(max-width: 150px) 100vw, 150px\" \/><\/td><td><strong>Fr.Petra Werner&nbsp;<\/strong><br>&nbsp;<br>St\u00fctzkraft S &#8211; Klassen<\/td><\/tr><tr><td><img loading=\"lazy\" decoding=\"async\" width=\"150\" height=\"212\" class=\"wp-image-498\" style=\"width: 150px;\" src=\"https:\/\/vskirchberg-wagram.ac.at\/wordpress\/wp-content\/uploads\/2026\/01\/131125-0689-scaled-e1768062395416.jpg\" alt=\"\" srcset=\"https:\/\/vskirchberg-wagram.ac.at\/wp-content\/uploads\/2026\/01\/131125-0689-scaled-e1768062395416.jpg 1814w, https:\/\/vskirchberg-wagram.ac.at\/wp-content\/uploads\/2026\/01\/131125-0689-scaled-e1768062395416-213x300.jpg 213w, https:\/\/vskirchberg-wagram.ac.at\/wp-content\/uploads\/2026\/01\/131125-0689-scaled-e1768062395416-726x1024.jpg 726w, https:\/\/vskirchberg-wagram.ac.at\/wp-content\/uploads\/2026\/01\/131125-0689-scaled-e1768062395416-768x1084.jpg 768w, https:\/\/vskirchberg-wagram.ac.at\/wp-content\/uploads\/2026\/01\/131125-0689-scaled-e1768062395416-1088x1536.jpg 1088w, https:\/\/vskirchberg-wagram.ac.at\/wp-content\/uploads\/2026\/01\/131125-0689-scaled-e1768062395416-1451x2048.jpg 1451w\" sizes=\"(max-width: 150px) 100vw, 150px\" \/><\/td><td><strong>Fr. Sandra K\u00f6nigshofer<\/strong><br><br>St\u00fctzkraft S &#8211; Klassen <\/td><\/tr><tr><td><img loading=\"lazy\" decoding=\"async\" width=\"150\" height=\"212\" class=\"wp-image-513\" style=\"width: 150px;\" src=\"https:\/\/vskirchberg-wagram.ac.at\/wordpress\/wp-content\/uploads\/2026\/01\/Michael-scaled.jpg\" alt=\"\" srcset=\"https:\/\/vskirchberg-wagram.ac.at\/wp-content\/uploads\/2026\/01\/Michael-scaled.jpg 1814w, https:\/\/vskirchberg-wagram.ac.at\/wp-content\/uploads\/2026\/01\/Michael-213x300.jpg 213w, https:\/\/vskirchberg-wagram.ac.at\/wp-content\/uploads\/2026\/01\/Michael-726x1024.jpg 726w, https:\/\/vskirchberg-wagram.ac.at\/wp-content\/uploads\/2026\/01\/Michael-768x1084.jpg 768w, https:\/\/vskirchberg-wagram.ac.at\/wp-content\/uploads\/2026\/01\/Michael-1089x1536.jpg 1089w, https:\/\/vskirchberg-wagram.ac.at\/wp-content\/uploads\/2026\/01\/Michael-1451x2048.jpg 1451w\" sizes=\"(max-width: 150px) 100vw, 150px\" \/><\/td><td><strong>Hr. Michael M\u00fcller<\/strong><br>Schulwart<\/td><\/tr><\/tbody><\/table><\/figure>\n","protected":false},"excerpt":{"rendered":"<p>Dir. Dipl.-P\u00e4d. Alexandra Theres Brunner-Sauerzapf Schulleiterin321161@noeschule.at Prof. Denise Aumann, MA, BEd&nbsp;Klassenlehrerin der 2cdenise.aumann@bildung.gv.at Kerstin Berndl, BEd &nbsp;Klassenlehrerin der Sonderp\u00e4dagogischen Kleingruppe &hellip; <\/p>\n","protected":false},"author":1,"featured_media":0,"parent":0,"menu_order":0,"comment_status":"closed","ping_status":"closed","template":"","meta":{"footnotes":""},"class_list":["post-404","page","type-page","status-publish","hentry"],"_links":{"self":[{"href":"https:\/\/vskirchberg-wagram.ac.at\/index.php\/wp-json\/wp\/v2\/pages\/404","targetHints":{"allow":["GET"]}}],"collection":[{"href":"https:\/\/vskirchberg-wagram.ac.at\/index.php\/wp-json\/wp\/v2\/pages"}],"about":[{"href":"https:\/\/vskirchberg-wagram.ac.at\/index.php\/wp-json\/wp\/v2\/types\/page"}],"author":[{"embeddable":true,"href":"https:\/\/vskirchberg-wagram.ac.at\/index.php\/wp-json\/wp\/v2\/users\/1"}],"replies":[{"embeddable":true,"href":"https:\/\/vskirchberg-wagram.ac.at\/index.php\/wp-json\/wp\/v2\/comments?post=404"}],"version-history":[{"count":12,"href":"https:\/\/vskirchberg-wagram.ac.at\/index.php\/wp-json\/wp\/v2\/pages\/404\/revisions"}],"predecessor-version":[{"id":860,"href":"https:\/\/vskirchberg-wagram.ac.at\/index.php\/wp-json\/wp\/v2\/pages\/404\/revisions\/860"}],"wp:attachment":[{"href":"https:\/\/vskirchberg-wagram.ac.at\/index.php\/wp-json\/wp\/v2\/media?parent=404"}],"curies":[{"name":"wp","href":"https:\/\/api.w.org\/{rel}","templated":true}]}}